{"id":1426,"date":"2022-01-21T16:34:35","date_gmt":"2022-01-21T22:34:35","guid":{"rendered":"https:\/\/illinet.org\/es\/new\/?page_id=1426"},"modified":"2023-08-01T18:22:21","modified_gmt":"2023-08-01T23:22:21","slug":"covid-persistente","status":"publish","type":"page","link":"https:\/\/illinet.org\/es\/covid-persistente\/","title":{"rendered":"COVID persistente"},"content":{"rendered":"<p>[et_pb_section fb_built=&#8221;1&#8243; disabled_on=&#8221;off|off|off&#8221; admin_label=&#8221;Header&#8221; _builder_version=&#8221;4.16&#8243; _module_preset=&#8221;default&#8221; background_color=&#8221;#142750&#8243; use_background_color_gradient=&#8221;on&#8221; background_color_gradient_direction=&#8221;90deg&#8221; background_color_gradient_stops=&#8221;#142750 7%|rgba(20,39,80,0) 66%&#8221; background_color_gradient_overlays_image=&#8221;on&#8221; background_color_gradient_start=&#8221;#142750&#8243; background_color_gradient_start_position=&#8221;7%&#8221; background_color_gradient_end=&#8221;rgba(20,39,80,0)&#8221; background_color_gradient_end_position=&#8221;66%&#8221; background_image=&#8221;https:\/\/illinet.org\/wp-content\/uploads\/sites\/2\/2022\/02\/pexels-ono-kosuki-5999940-e1645139128113.jpg&#8221; background_position=&#8221;top_right&#8221; bottom_divider_style=&#8221;wave&#8221; bottom_divider_color=&#8221;#F7F5F0&#8243; bottom_divider_height=&#8221;131px&#8221; custom_css_main_element=&#8221;display:flex;&#8221; collapsed=&#8221;off&#8221; global_colors_info=&#8221;{}&#8221;][et_pb_row column_structure=&#8221;3_5,2_5&#8243; _builder_version=&#8221;4.16&#8243; _module_preset=&#8221;default&#8221; background_color_gradient_direction=&#8221;211deg&#8221; background_color_gradient_start=&#8221;#142750&#8243; background_color_gradient_end=&#8221;rgba(20,39,80,0.43)&#8221; background_enable_image=&#8221;off&#8221; custom_padding=&#8221;5%||||false|false&#8221; custom_css_main_element=&#8221;display:flex;&#8221; global_colors_info=&#8221;{}&#8221;][et_pb_column type=&#8221;3_5&#8243; _builder_version=&#8221;4.16&#8243; _module_preset=&#8221;default&#8221; global_colors_info=&#8221;{}&#8221;][et_pb_text admin_label=&#8221;Long-COVID&#8221; _builder_version=&#8221;4.17.3&#8243; _module_preset=&#8221;default&#8221; text_text_color=&#8221;#FFFFFF&#8221; header_font=&#8221;|700|||||||&#8221; header_text_color=&#8221;#FFFFFF&#8221; header_font_size=&#8221;50px&#8221; background_enable_image=&#8221;off&#8221; custom_margin=&#8221;-14px||21px|||&#8221; custom_padding=&#8221;|||15px|false|false&#8221; header_font_size_tablet=&#8221;40px&#8221; header_font_size_phone=&#8221;30px&#8221; header_font_size_last_edited=&#8221;on|phone&#8221; global_colors_info=&#8221;{}&#8221;]<\/p>\n<h1><b>COVID PERSISTENTE<\/b><\/h1>\n<p>[\/et_pb_text][et_pb_text admin_label=&#8221;Getting, feeling, and staying sick&#8221; _builder_version=&#8221;4.17.3&#8243; _module_preset=&#8221;default&#8221; text_text_color=&#8221;#FFFFFF&#8221; text_font_size=&#8221;25px&#8221; text_line_height=&#8221;1.5em&#8221; header_2_font=&#8221;|600|||||||&#8221; header_2_text_color=&#8221;#FFFFFF&#8221; header_2_font_size=&#8221;35px&#8221; custom_margin=&#8221;||||false|false&#8221; custom_padding=&#8221;||9px|15px|false|false&#8221; header_2_font_size_tablet=&#8221;30px&#8221; header_2_font_size_phone=&#8221;25px&#8221; header_2_font_size_last_edited=&#8221;on|tablet&#8221; global_colors_info=&#8221;{}&#8221;]<\/p>\n<h2><span style=\"font-weight: 400\">Enfermarse, sentirse y mantenerse enfermo <\/span><\/h2>\n<p>[\/et_pb_text][et_pb_divider show_divider=&#8221;off&#8221; _builder_version=&#8221;4.16&#8243; _module_preset=&#8221;default&#8221; min_height=&#8221;95px&#8221; height=&#8221;20px&#8221; global_colors_info=&#8221;{}&#8221;][\/et_pb_divider][\/et_pb_column][et_pb_column type=&#8221;2_5&#8243; _builder_version=&#8221;4.16&#8243; _module_preset=&#8221;default&#8221; global_colors_info=&#8221;{}&#8221;][\/et_pb_column][\/et_pb_row][\/et_pb_section][et_pb_section fb_built=&#8221;1&#8243; admin_label=&#8221;What is Long-COVID?&#8221; _builder_version=&#8221;4.17.3&#8243; _module_preset=&#8221;default&#8221; background_color=&#8221;#F7F5F0&#8243; bottom_divider_style=&#8221;wave&#8221; bottom_divider_color=&#8221;#F7F5F0&#8243; bottom_divider_height=&#8221;70px&#8221; global_colors_info=&#8221;{}&#8221;][et_pb_row _builder_version=&#8221;4.16&#8243; _module_preset=&#8221;default&#8221; width=&#8221;100%&#8221; custom_margin=&#8221;0px||||false|false&#8221; custom_padding=&#8221;0px||||false|false&#8221; global_colors_info=&#8221;{}&#8221;][et_pb_column type=&#8221;4_4&#8243; _builder_version=&#8221;4.16&#8243; _module_preset=&#8221;default&#8221; global_colors_info=&#8221;{}&#8221;][et_pb_text _builder_version=&#8221;4.17.3&#8243; _module_preset=&#8221;default&#8221; header_font=&#8221;|700|||||||&#8221; header_text_align=&#8221;center&#8221; header_text_color=&#8221;#142750&#8243; header_font_size=&#8221;40px&#8221; background_enable_image=&#8221;off&#8221; background_size=&#8221;contain&#8221; background_position=&#8221;center_left&#8221; module_alignment=&#8221;right&#8221; custom_margin=&#8221;||0px||false|false&#8221; custom_padding=&#8221;||0px|||&#8221; animation_style=&#8221;slide&#8221; animation_direction=&#8221;left&#8221; animation_duration=&#8221;650ms&#8221; animation_intensity_slide=&#8221;19%&#8221; header_text_align_tablet=&#8221;center&#8221; header_text_align_phone=&#8221;center&#8221; header_text_align_last_edited=&#8221;on|desktop&#8221; header_font_size_tablet=&#8221;30px&#8221; header_font_size_phone=&#8221;25px&#8221; header_font_size_last_edited=&#8221;on|phone&#8221; global_colors_info=&#8221;{}&#8221;]<\/p>\n<h1 style=\"text-align: center\"><b>\u00bfQu\u00e9 es el COVID persistente?<\/b><\/h1>\n<p>[\/et_pb_text][et_pb_image src=&#8221;https:\/\/illinet.org\/es\/wp-content\/uploads\/sites\/2\/2022\/07\/Espanol-PASC.png&#8221; title_text=&#8221;Espanol PASC&#8221; align=&#8221;center&#8221; disabled_on=&#8221;on|off|off&#8221; admin_label=&#8221;SARS Graphic&#8221; _builder_version=&#8221;4.17.3&#8243; _module_preset=&#8221;default&#8221; width=&#8221;70%&#8221; max_width=&#8221;70%&#8221; module_alignment=&#8221;center&#8221; global_colors_info=&#8221;{}&#8221;][\/et_pb_image][\/et_pb_column][\/et_pb_row][\/et_pb_section][et_pb_section fb_built=&#8221;1&#8243; admin_label=&#8221;How does one get it?&#8221; module_id=&#8221;about&#8221; _builder_version=&#8221;4.16&#8243; _module_preset=&#8221;default&#8221; background_color=&#8221;#142750&#8243; custom_padding=&#8221;||5%||false|false&#8221; bottom_divider_color=&#8221;#326195&#8243; global_colors_info=&#8221;{}&#8221;][et_pb_row column_structure=&#8221;2_5,3_5&#8243; use_custom_gutter=&#8221;on&#8221; make_equal=&#8221;on&#8221; _builder_version=&#8221;4.17.3&#8243; _module_preset=&#8221;default&#8221; width=&#8221;70%&#8221; max_width=&#8221;1817px&#8221; global_colors_info=&#8221;{}&#8221;][et_pb_column type=&#8221;2_5&#8243; _builder_version=&#8221;4.16&#8243; _module_preset=&#8221;default&#8221; global_colors_info=&#8221;{}&#8221;][et_pb_text admin_label=&#8221;How does one get Long-COVID?&#8221; _builder_version=&#8221;4.17.3&#8243; _module_preset=&#8221;default&#8221; text_text_color=&#8221;#F7F5F0&#8243; header_text_color=&#8221;#142750&#8243; header_2_font=&#8221;|700|||||||&#8221; header_2_text_color=&#8221;#F7F5F0&#8243; header_2_font_size=&#8221;28px&#8221; header_3_text_color=&#8221;#F7F5F0&#8243; background_enable_image=&#8221;off&#8221; background_size=&#8221;contain&#8221; background_position=&#8221;center_left&#8221; module_alignment=&#8221;right&#8221; custom_padding=&#8221;||0px|||&#8221; animation_style=&#8221;slide&#8221; animation_direction=&#8221;left&#8221; animation_duration=&#8221;650ms&#8221; animation_intensity_slide=&#8221;19%&#8221; header_2_text_align_tablet=&#8221;left&#8221; header_2_text_align_phone=&#8221;center&#8221; header_2_text_align_last_edited=&#8221;on|phone&#8221; header_3_text_align_tablet=&#8221;&#8221; header_3_text_align_phone=&#8221;center&#8221; header_3_text_align_last_edited=&#8221;on|phone&#8221; global_colors_info=&#8221;{}&#8221;]<\/p>\n<h2 style=\"text-align: left\"><b>\u00bfC\u00f3mo se contagia el COVID persistente?<\/b><\/h2>\n<h3 style=\"text-align: left\"><\/h3>\n<h3 style=\"text-align: left\"><span style=\"font-weight: 400\">Los cient\u00edficos est\u00e1n utilizando el t\u00e9rmino secuelas post-agudas del SARS-CoV-2 (PASC) para estudiar las posibles consecuencias de una infecci\u00f3n por SARS-CoV-2. M\u00e1s com\u00fanmente, al PASC se le conoce como COVID persistente o Post-COVID. <\/span><\/h3>\n<p>[\/et_pb_text][\/et_pb_column][et_pb_column type=&#8221;3_5&#8243; _builder_version=&#8221;4.16&#8243; _module_preset=&#8221;default&#8221; global_colors_info=&#8221;{}&#8221;][et_pb_image src=&#8221;https:\/\/illinet.org\/es\/wp-content\/uploads\/sites\/2\/2022\/06\/timeline-500-\u00d7-650-px-3.png&#8221; title_text=&#8221;timeline (500 \u00d7 650 px)-3&#8243; align=&#8221;center&#8221; disabled_on=&#8221;on|off|off&#8221; admin_label=&#8221;Graphic&#8221; _builder_version=&#8221;4.17.3&#8243; _module_preset=&#8221;default&#8221; width=&#8221;80%&#8221; max_width=&#8221;80%&#8221; module_alignment=&#8221;center&#8221; global_colors_info=&#8221;{}&#8221;][\/et_pb_image][\/et_pb_column][\/et_pb_row][\/et_pb_section][et_pb_section fb_built=&#8221;1&#8243; disabled_on=&#8221;off|off|off&#8221; admin_label=&#8221;What does it feel like?&#8221; _builder_version=&#8221;4.16&#8243; background_color=&#8221;#f7f5f0&#8243; custom_padding=&#8221;110px|0px|110px|0px&#8221; global_colors_info=&#8221;{}&#8221;][et_pb_row _builder_version=&#8221;4.17.3&#8243; width_tablet=&#8221;&#8221; width_phone=&#8221;95%&#8221; width_last_edited=&#8221;on|phone&#8221; global_colors_info=&#8221;{}&#8221;][et_pb_column type=&#8221;4_4&#8243; _builder_version=&#8221;4.16&#8243; custom_padding=&#8221;|||&#8221; global_colors_info=&#8221;{}&#8221; custom_padding__hover=&#8221;|||&#8221;][et_pb_text admin_label=&#8221;What does Long-COVID feel like?&#8221; _builder_version=&#8221;4.17.3&#8243; text_font=&#8221;||||||||&#8221; text_text_color=&#8221;#326195&#8243; header_font=&#8221;||||||||&#8221; header_text_color=&#8221;#326195&#8243; header_2_font=&#8221;|700|||||||&#8221; header_2_text_color=&#8221;#142750&#8243; header_2_font_size=&#8221;38px&#8221; header_2_letter_spacing=&#8221;1px&#8221; header_2_line_height=&#8221;1.3em&#8221; text_orientation=&#8221;center&#8221; custom_margin=&#8221;||20px|&#8221; header_2_font_size_tablet=&#8221;38px&#8221; header_2_font_size_phone=&#8221;28px&#8221; header_2_font_size_last_edited=&#8221;on|phone&#8221; saved_tabs=&#8221;all&#8221; locked=&#8221;off&#8221; global_colors_info=&#8221;{}&#8221;]<\/p>\n<h2><strong>\u00bfC\u00f3mo se siente tener COVID persistente?<\/strong><\/h2>\n<p>[\/et_pb_text][et_pb_text _builder_version=&#8221;4.18.0&#8243; text_font=&#8221;||||||||&#8221; header_font=&#8221;||||||||&#8221; header_3_font=&#8221;|600|||||||&#8221; header_3_text_color=&#8221;#142750&#8243; header_3_font_size=&#8221;36px&#8221; header_3_line_height=&#8221;1.4em&#8221; header_4_text_color=&#8221;#142750&#8243; width=&#8221;70%&#8221; max_width=&#8221;70%&#8221; module_alignment=&#8221;center&#8221; global_colors_info=&#8221;{}&#8221;]<\/p>\n<h4 style=\"text-align: center;\">Estos y otros s\u00edntomas han sido reportados por personas con COVID persistente.<\/h4>\n<p>[\/et_pb_text][\/et_pb_column][\/et_pb_row][et_pb_row column_structure=&#8221;1_5,3_5,1_5&#8243; _builder_version=&#8221;4.18.0&#8243; _module_preset=&#8221;default&#8221; global_colors_info=&#8221;{}&#8221;][et_pb_column type=&#8221;1_5&#8243; _builder_version=&#8221;4.18.0&#8243; _module_preset=&#8221;default&#8221; global_colors_info=&#8221;{}&#8221;][\/et_pb_column][et_pb_column type=&#8221;3_5&#8243; _builder_version=&#8221;4.18.0&#8243; _module_preset=&#8221;default&#8221; global_colors_info=&#8221;{}&#8221;][et_pb_image src=&#8221;https:\/\/illinet.org\/es\/wp-content\/uploads\/sites\/2\/2023\/08\/Como-se-siente-tener-COVID-persistente.png&#8221; title_text=&#8221;Como se siente tener COVID persistente&#8221; align=&#8221;center&#8221; _builder_version=&#8221;4.18.0&#8243; _module_preset=&#8221;default&#8221; custom_margin=&#8221;|-14px||||&#8221; global_colors_info=&#8221;{}&#8221;][\/et_pb_image][\/et_pb_column][et_pb_column type=&#8221;1_5&#8243; _builder_version=&#8221;4.18.0&#8243; _module_preset=&#8221;default&#8221; global_colors_info=&#8221;{}&#8221;][\/et_pb_column][\/et_pb_row][\/et_pb_section][et_pb_section fb_built=&#8221;1&#8243; admin_label=&#8221;Who gets it?&#8221; _builder_version=&#8221;4.16&#8243; _module_preset=&#8221;default&#8221; background_color=&#8221;#FFC757&#8243; top_divider_style=&#8221;wave&#8221; top_divider_color=&#8221;#F7F5F0&#8243; global_colors_info=&#8221;{}&#8221;][et_pb_row column_structure=&#8221;2_5,3_5&#8243; _builder_version=&#8221;4.16&#8243; _module_preset=&#8221;default&#8221; global_colors_info=&#8221;{}&#8221;][et_pb_column type=&#8221;2_5&#8243; _builder_version=&#8221;4.16&#8243; _module_preset=&#8221;default&#8221; global_colors_info=&#8221;{}&#8221;][et_pb_text admin_label=&#8221;Who gets Long-COVID?&#8221; _builder_version=&#8221;4.17.3&#8243; text_font=&#8221;||||||||&#8221; text_text_color=&#8221;#326195&#8243; header_font=&#8221;||||||||&#8221; header_text_color=&#8221;#326195&#8243; header_2_font=&#8221;|700|||||||&#8221; header_2_text_color=&#8221;#142750&#8243; header_2_font_size=&#8221;38px&#8221; header_2_letter_spacing=&#8221;1px&#8221; header_2_line_height=&#8221;1.3em&#8221; text_orientation=&#8221;center&#8221; custom_margin=&#8221;||20px|&#8221; header_2_font_size_tablet=&#8221;38px&#8221; header_2_font_size_phone=&#8221;28px&#8221; header_2_font_size_last_edited=&#8221;on|phone&#8221; saved_tabs=&#8221;all&#8221; locked=&#8221;off&#8221; global_colors_info=&#8221;{}&#8221;]<\/p>\n<h2 style=\"text-align: left\"><b>\u00bfQui\u00e9n se contagia COVID persistente?<br \/>\n<\/b><\/h2>\n<p>[\/et_pb_text][et_pb_text _builder_version=&#8221;4.17.3&#8243; text_font=&#8221;||||||||&#8221; header_font=&#8221;||||||||&#8221; header_3_font=&#8221;|600|||||||&#8221; header_3_text_color=&#8221;#142750&#8243; header_3_font_size=&#8221;36px&#8221; header_3_line_height=&#8221;1.4em&#8221; header_4_font=&#8221;|700|||||||&#8221; header_4_text_align=&#8221;left&#8221; header_4_text_color=&#8221;#142750&#8243; width=&#8221;100%&#8221; max_width=&#8221;100%&#8221; module_alignment=&#8221;left&#8221; global_colors_info=&#8221;{}&#8221;]<\/p>\n<h4 style=\"text-align: left\">Aunque muchas personas est\u00e1n sufriendo los efectos a largo plazo del COVID persistente, los grupos raciales y \u00e9tnicos minoritarios han sido los m\u00e1s afectados.<\/h4>\n<p>Fuente: <a href=\"https:\/\/covid.cdc.gov\/covid-data-tracker\/#demographics\" target=\"_blank\" rel=\"noopener\">CDC COVID Data Tracker<\/a><\/p>\n<p>[\/et_pb_text][\/et_pb_column][et_pb_column type=&#8221;3_5&#8243; _builder_version=&#8221;4.16&#8243; _module_preset=&#8221;default&#8221; global_colors_info=&#8221;{}&#8221;][et_pb_image src=&#8221;https:\/\/illinet.org\/es\/wp-content\/uploads\/sites\/2\/2022\/07\/Espanol-Racialstats.png&#8221; title_text=&#8221;Espanol Racialstats&#8221; _builder_version=&#8221;4.17.3&#8243; _module_preset=&#8221;default&#8221; global_colors_info=&#8221;{}&#8221;][\/et_pb_image][\/et_pb_column][\/et_pb_row][\/et_pb_section][et_pb_section fb_built=&#8221;1&#8243; _builder_version=&#8221;4.18.0&#8243; _module_preset=&#8221;default&#8221; background_color=&#8221;#F7F5F0&#8243; global_colors_info=&#8221;{}&#8221; theme_builder_area=&#8221;post_content&#8221;][et_pb_row _builder_version=&#8221;4.16&#8243; _module_preset=&#8221;default&#8221; global_colors_info=&#8221;{}&#8221; theme_builder_area=&#8221;post_content&#8221;][et_pb_column type=&#8221;4_4&#8243; _builder_version=&#8221;4.16&#8243; _module_preset=&#8221;default&#8221; global_colors_info=&#8221;{}&#8221; theme_builder_area=&#8221;post_content&#8221;][et_pb_text admin_label=&#8221;PREVIOUS COVID STUDIES&#8221; _builder_version=&#8221;4.18.0&#8243; _module_preset=&#8221;default&#8221; header_2_font=&#8221;|700|||||||&#8221; header_2_font_size=&#8221;34px&#8221; custom_margin=&#8221;||2px|||&#8221; animation_direction=&#8221;left&#8221; global_colors_info=&#8221;{}&#8221; theme_builder_area=&#8221;post_content&#8221;]<\/p>\n<h2 style=\"text-align: center\"><span style=\"color: #152850\">Estudios anteriores sobre el COVID<\/span><\/h2>\n<p>[\/et_pb_text][\/et_pb_column][\/et_pb_row][et_pb_row column_structure=&#8221;1_3,1_3,1_3&#8243; _builder_version=&#8221;4.16&#8243; _module_preset=&#8221;default&#8221; global_colors_info=&#8221;{}&#8221; theme_builder_area=&#8221;post_content&#8221;][et_pb_column type=&#8221;1_3&#8243; _builder_version=&#8221;4.16&#8243; _module_preset=&#8221;default&#8221; global_colors_info=&#8221;{}&#8221; theme_builder_area=&#8221;post_content&#8221;][et_pb_blurb title=&#8221;Eficacia y seguridad de sarilumab en pacientes hospitalizados con COVID-19&#8243; image=&#8221;https:\/\/illinet.org\/wp-content\/uploads\/sites\/2\/2021\/12\/undraw_medical_care_movn-300&#215;207.png&#8221; image_icon_width=&#8221;100%&#8221; _builder_version=&#8221;4.17.3&#8243; _module_preset=&#8221;default&#8221; header_level=&#8221;h5&#8243; header_font=&#8221;|700|||||||&#8221; background_color=&#8221;#FFFFFF&#8221; custom_padding=&#8221;5%|5%|5%|5%|true|true&#8221; border_radii=&#8221;on|1px|1px|1px|1px&#8221; border_width_all=&#8221;1px&#8221; border_color_all=&#8221;#f1f1f1&#8243; box_shadow_style=&#8221;preset3&#8243; global_colors_info=&#8221;{}&#8221; body_font_size__hover_enabled=&#8221;on|hover&#8221; body_font_size__hover=&#8221;18px&#8221; border_width_all__hover_enabled=&#8221;on|hover&#8221; border_width_all__hover=&#8221;3px&#8221; border_color_all__hover_enabled=&#8221;on|hover&#8221; border_color_all__hover=&#8221;#f1f1f1&#8243; theme_builder_area=&#8221;post_content&#8221;]<\/p>\n<p><span style=\"font-weight: 400\">Marzo &#8211; Septiembre 2020<\/span><\/p>\n<p><span style=\"font-weight: 400\">Este estudio determin\u00f3 si un f\u00e1rmaco de estudio llamado sarilumab podr\u00eda disminuir la cantidad de tiempo que una persona tiene s\u00edntomas de COVID-19.<br \/>\n<\/span><\/p>\n<p><strong><a href=\"https:\/\/today.uic.edu\/uic-clinical-trials-investigate-covid-19-treatments\" target=\"_blank\" rel=\"noopener\">CONOZCA M\u00c1S \u2192<\/a><\/strong><\/p>\n<p>[\/et_pb_blurb][\/et_pb_column][et_pb_column type=&#8221;1_3&#8243; _builder_version=&#8221;4.16&#8243; _module_preset=&#8221;default&#8221; global_colors_info=&#8221;{}&#8221; theme_builder_area=&#8221;post_content&#8221;][et_pb_blurb title=&#8221;Predictores de resultados graves de COVID-19 (PRESCO)&#8221; image=&#8221;https:\/\/illinet.org\/wp-content\/uploads\/sites\/2\/2021\/12\/undraw_medicine_b1ol-300&#215;210.png&#8221; image_icon_width=&#8221;100%&#8221; _builder_version=&#8221;4.17.3&#8243; _module_preset=&#8221;default&#8221; header_font=&#8221;|700|||||||&#8221; background_color=&#8221;#FFFFFF&#8221; custom_padding=&#8221;5%|5%|5%|5%|true|true&#8221; border_radii=&#8221;on|1px|1px|1px|1px&#8221; border_width_all=&#8221;1px&#8221; border_color_all=&#8221;#f1f1f1&#8243; box_shadow_style=&#8221;preset3&#8243; global_colors_info=&#8221;{}&#8221; border_width_all__hover_enabled=&#8221;on|hover&#8221; border_color_all__hover_enabled=&#8221;on|hover&#8221; border_color_all__hover=&#8221;#e0e0e0&#8243; border_width_all__hover=&#8221;3px&#8221; theme_builder_area=&#8221;post_content&#8221;]<\/p>\n<p><span style=\"font-weight: 400\">Mayo &#8211; Agosto 2020<\/span><\/p>\n<p><span style=\"font-weight: 400\">Este estudio pretend\u00eda comprender el proceso de desarrollo del s\u00edndrome de dificultad respiratoria aguda (SDRA: condici\u00f3n en la que se acumula l\u00edquido en los sacos de aire de los pulmones, privando a los \u00f3rganos de ox\u00edgeno) en pacientes con COVID-19. La comprensi\u00f3n de este proceso ayud\u00f3 a priorizar a los pacientes con alto riesgo de progresi\u00f3n a s\u00edndrome de dificultad respiratoria aguda (SDRA) o muerte para una intervenci\u00f3n m\u00e1s temprana y agresiva.<br \/>\n<\/span><\/p>\n<p><strong><a href=\"https:\/\/chicago.medicine.uic.edu\/departments\/academic-departments\/emergency-medicine\/research\/covid-19-related-research\/presco\/\" target=\"_blank\" rel=\"noopener\">CONOZCA M\u00c1S \u2192<\/a><\/strong><\/p>\n<p>[\/et_pb_blurb][\/et_pb_column][et_pb_column type=&#8221;1_3&#8243; _builder_version=&#8221;4.16&#8243; _module_preset=&#8221;default&#8221; global_colors_info=&#8221;{}&#8221; theme_builder_area=&#8221;post_content&#8221;][et_pb_blurb title=&#8221;ACTIV-4c: Ensayos de prevenci\u00f3n de la trombosis COVID-19: Tromboprofilaxis post-hospitalaria&#8221; image=&#8221;https:\/\/illinet.org\/wp-content\/uploads\/sites\/2\/2021\/12\/undraw_medical_research_qg4d-1-300&#215;202.png&#8221; image_icon_width=&#8221;100%&#8221; _builder_version=&#8221;4.17.3&#8243; _module_preset=&#8221;default&#8221; header_font=&#8221;|700|||||||&#8221; background_color=&#8221;#FFFFFF&#8221; custom_padding=&#8221;5%|5%|5%|5%|true|true&#8221; border_radii=&#8221;on|1px|1px|1px|1px&#8221; border_width_all=&#8221;1px&#8221; border_color_all=&#8221;#f1f1f1&#8243; global_colors_info=&#8221;{}&#8221; border_width_all__hover_enabled=&#8221;on|hover&#8221; border_width_all__hover=&#8221;3px&#8221; border_color_all__hover_enabled=&#8221;on|hover&#8221; border_color_all__hover=&#8221;#e0e0e0&#8243; theme_builder_area=&#8221;post_content&#8221;]<\/p>\n<p><span style=\"font-weight: 400\">2021 &#8211; actualidad<\/span><\/p>\n<p>ACTIV-4c es un estudio para aprender m\u00e1s sobre la prevenci\u00f3n de los co\u00e1gulos de sangre en los pacientes con COVID-19, que parece ser mayor que en los pacientes que no tienen COVID-19. El objetivo de este estudio es comparar a las personas que toman una dosis baja de anticoagulante despu\u00e9s de salir del hospital con las que no lo hacen.<\/p>\n<p><strong><a href=\"https:\/\/nhlbi-connects.org\/activ4c\" target=\"_blank\" rel=\"noopener\">CONOZCA M\u00c1S \u2192<\/a><\/strong><\/p>\n<p>[\/et_pb_blurb][\/et_pb_column][\/et_pb_row][\/et_pb_section]<\/p>\n","protected":false},"excerpt":{"rendered":"<p>COVID PERSISTENTEEnfermarse, sentirse y mantenerse enfermo \u00bfQu\u00e9 es el COVID persistente?\u00bfC\u00f3mo se contagia el COVID persistente? Los cient\u00edficos est\u00e1n utilizando el t\u00e9rmino secuelas post-agudas del SARS-CoV-2 (PASC) para estudiar las [&hellip;]<\/p>\n","protected":false},"author":3,"featured_media":0,"parent":0,"menu_order":0,"comment_status":"closed","ping_status":"closed","template":"","meta":{"_et_pb_use_builder":"on","_et_pb_old_content":"","_et_gb_content_width":"","footnotes":""},"class_list":["post-1426","page","type-page","status-publish","hentry"],"yoast_head":"<!-- This site is optimized with the Yoast SEO plugin v19.8 - https:\/\/yoast.com\/wordpress\/plugins\/seo\/ -->\n<title>COVID persistente - ILLInet RECOVER<\/title>\n<meta name=\"robots\" content=\"index, follow, max-snippet:-1, max-image-preview:large, max-video-preview:-1\" \/>\n<link rel=\"canonical\" href=\"https:\/\/illinet.org\/es\/covid-persistente\/\" \/>\n<meta property=\"og:locale\" content=\"es_MX\" \/>\n<meta property=\"og:type\" content=\"article\" \/>\n<meta property=\"og:title\" content=\"COVID persistente - ILLInet RECOVER\" \/>\n<meta property=\"og:description\" content=\"COVID PERSISTENTEEnfermarse, sentirse y mantenerse enfermo \u00bfQu\u00e9 es el COVID persistente?\u00bfC\u00f3mo se contagia el COVID persistente? Los cient\u00edficos est\u00e1n utilizando el t\u00e9rmino secuelas post-agudas del SARS-CoV-2 (PASC) para estudiar las [&hellip;]\" \/>\n<meta property=\"og:url\" content=\"https:\/\/illinet.org\/es\/covid-persistente\/\" \/>\n<meta property=\"og:site_name\" content=\"ILLInet RECOVER\" \/>\n<meta property=\"article:modified_time\" content=\"2023-08-01T23:22:21+00:00\" \/>\n<meta name=\"twitter:card\" content=\"summary_large_image\" \/>\n<meta name=\"twitter:label1\" content=\"Tiempo de lectura\" \/>\n\t<meta name=\"twitter:data1\" content=\"3 minutos\" \/>\n<script type=\"application\/ld+json\" class=\"yoast-schema-graph\">{\"@context\":\"https:\/\/schema.org\",\"@graph\":[{\"@type\":\"WebPage\",\"@id\":\"https:\/\/illinet.org\/es\/covid-persistente\/\",\"url\":\"https:\/\/illinet.org\/es\/covid-persistente\/\",\"name\":\"COVID persistente - ILLInet RECOVER\",\"isPartOf\":{\"@id\":\"https:\/\/illinet.org\/es\/#website\"},\"datePublished\":\"2022-01-21T22:34:35+00:00\",\"dateModified\":\"2023-08-01T23:22:21+00:00\",\"breadcrumb\":{\"@id\":\"https:\/\/illinet.org\/es\/covid-persistente\/#breadcrumb\"},\"inLanguage\":\"es\",\"potentialAction\":[{\"@type\":\"ReadAction\",\"target\":[\"https:\/\/illinet.org\/es\/covid-persistente\/\"]}]},{\"@type\":\"BreadcrumbList\",\"@id\":\"https:\/\/illinet.org\/es\/covid-persistente\/#breadcrumb\",\"itemListElement\":[{\"@type\":\"ListItem\",\"position\":1,\"name\":\"Home\",\"item\":\"https:\/\/illinet.org\/es\/\"},{\"@type\":\"ListItem\",\"position\":2,\"name\":\"COVID persistente\"}]},{\"@type\":\"WebSite\",\"@id\":\"https:\/\/illinet.org\/es\/#website\",\"url\":\"https:\/\/illinet.org\/es\/\",\"name\":\"ILLInet RECOVER\",\"description\":\"Long-COVID Study in Illinois\",\"potentialAction\":[{\"@type\":\"SearchAction\",\"target\":{\"@type\":\"EntryPoint\",\"urlTemplate\":\"https:\/\/illinet.org\/es\/?s={search_term_string}\"},\"query-input\":\"required name=search_term_string\"}],\"inLanguage\":\"es\"}]}<\/script>\n<!-- \/ Yoast SEO plugin. -->","yoast_head_json":{"title":"COVID persistente - ILLInet RECOVER","robots":{"index":"index","follow":"follow","max-snippet":"max-snippet:-1","max-image-preview":"max-image-preview:large","max-video-preview":"max-video-preview:-1"},"canonical":"https:\/\/illinet.org\/es\/covid-persistente\/","og_locale":"es_MX","og_type":"article","og_title":"COVID persistente - ILLInet RECOVER","og_description":"COVID PERSISTENTEEnfermarse, sentirse y mantenerse enfermo \u00bfQu\u00e9 es el COVID persistente?\u00bfC\u00f3mo se contagia el COVID persistente? Los cient\u00edficos est\u00e1n utilizando el t\u00e9rmino secuelas post-agudas del SARS-CoV-2 (PASC) para estudiar las [&hellip;]","og_url":"https:\/\/illinet.org\/es\/covid-persistente\/","og_site_name":"ILLInet RECOVER","article_modified_time":"2023-08-01T23:22:21+00:00","twitter_card":"summary_large_image","twitter_misc":{"Tiempo de lectura":"3 minutos"},"schema":{"@context":"https:\/\/schema.org","@graph":[{"@type":"WebPage","@id":"https:\/\/illinet.org\/es\/covid-persistente\/","url":"https:\/\/illinet.org\/es\/covid-persistente\/","name":"COVID persistente - ILLInet RECOVER","isPartOf":{"@id":"https:\/\/illinet.org\/es\/#website"},"datePublished":"2022-01-21T22:34:35+00:00","dateModified":"2023-08-01T23:22:21+00:00","breadcrumb":{"@id":"https:\/\/illinet.org\/es\/covid-persistente\/#breadcrumb"},"inLanguage":"es","potentialAction":[{"@type":"ReadAction","target":["https:\/\/illinet.org\/es\/covid-persistente\/"]}]},{"@type":"BreadcrumbList","@id":"https:\/\/illinet.org\/es\/covid-persistente\/#breadcrumb","itemListElement":[{"@type":"ListItem","position":1,"name":"Home","item":"https:\/\/illinet.org\/es\/"},{"@type":"ListItem","position":2,"name":"COVID persistente"}]},{"@type":"WebSite","@id":"https:\/\/illinet.org\/es\/#website","url":"https:\/\/illinet.org\/es\/","name":"ILLInet RECOVER","description":"Long-COVID Study in Illinois","potentialAction":[{"@type":"SearchAction","target":{"@type":"EntryPoint","urlTemplate":"https:\/\/illinet.org\/es\/?s={search_term_string}"},"query-input":"required name=search_term_string"}],"inLanguage":"es"}]}},"jetpack_sharing_enabled":true,"_links":{"self":[{"href":"https:\/\/illinet.org\/es\/wp-json\/wp\/v2\/pages\/1426","targetHints":{"allow":["GET"]}}],"collection":[{"href":"https:\/\/illinet.org\/es\/wp-json\/wp\/v2\/pages"}],"about":[{"href":"https:\/\/illinet.org\/es\/wp-json\/wp\/v2\/types\/page"}],"author":[{"embeddable":true,"href":"https:\/\/illinet.org\/es\/wp-json\/wp\/v2\/users\/3"}],"replies":[{"embeddable":true,"href":"https:\/\/illinet.org\/es\/wp-json\/wp\/v2\/comments?post=1426"}],"version-history":[{"count":195,"href":"https:\/\/illinet.org\/es\/wp-json\/wp\/v2\/pages\/1426\/revisions"}],"predecessor-version":[{"id":6551,"href":"https:\/\/illinet.org\/es\/wp-json\/wp\/v2\/pages\/1426\/revisions\/6551"}],"wp:attachment":[{"href":"https:\/\/illinet.org\/es\/wp-json\/wp\/v2\/media?parent=1426"}],"curies":[{"name":"wp","href":"https:\/\/api.w.org\/{rel}","templated":true}]}}